{"id":1443,"date":"2025-03-02T08:52:53","date_gmt":"2025-03-02T08:52:53","guid":{"rendered":"https:\/\/shf.se\/?page_id=1443"},"modified":"2025-11-13T15:23:06","modified_gmt":"2025-11-13T15:23:06","slug":"havforskningsdagarna-2025","status":"publish","type":"page","link":"https:\/\/shf.se\/en\/havsforskningsdagarna\/havforskningsdagarna-2025\/","title":{"rendered":"Marine Research Days 2025"},"content":{"rendered":"\n<figure class=\"wp-block-image aligncenter size-full is-resized\"><img loading=\"lazy\" decoding=\"async\" width=\"1600\" height=\"1200\" src=\"http:\/\/shf.se\/public_html\/wp-content\/uploads\/IMG-20250915-WA0001.jpg\" alt=\"\" class=\"wp-image-1921\" style=\"width:550px;height:auto\" srcset=\"https:\/\/shf.se\/public_html\/wp-content\/uploads\/IMG-20250915-WA0001.jpg 1600w, https:\/\/shf.se\/public_html\/wp-content\/uploads\/IMG-20250915-WA0001-300x225.jpg 300w, https:\/\/shf.se\/public_html\/wp-content\/uploads\/IMG-20250915-WA0001-1024x768.jpg 1024w, https:\/\/shf.se\/public_html\/wp-content\/uploads\/IMG-20250915-WA0001-150x113.jpg 150w, https:\/\/shf.se\/public_html\/wp-content\/uploads\/IMG-20250915-WA0001-768x576.jpg 768w, https:\/\/shf.se\/public_html\/wp-content\/uploads\/IMG-20250915-WA0001-1536x1152.jpg 1536w, https:\/\/shf.se\/public_html\/wp-content\/uploads\/IMG-20250915-WA0001-16x12.jpg 16w\" sizes=\"auto, (max-width: 1600px) 100vw, 1600px\" \/><\/figure>\n\n\n\n<p><\/p>\n\n\n\n<p class=\"has-text-align-center has-white-color has-text-color has-background has-link-color has-x-large-font-size wp-elements-81b247ccff3cf63d893dc941f0aa548c\" style=\"background-color:#036482\"><strong>Fr\u00e4mja samverkan mellan marin forskning och samh\u00e4llsakt\u00f6rer<\/strong><\/p>\n\n\n\n<p class=\"has-text-align-center has-large-font-size\">Tid: 18 &#8211; 20 November 2025<\/p>\n\n\n\n<p class=\"has-text-align-center has-large-font-size\">Plats: Wallenbergcentrum, G\u00f6teborg<\/p>\n\n\n\n<p class=\"has-text-align-center has-medium-font-size\">Svenska Havsforskningsf\u00f6reningen v\u00e4lkomnar alla som \u00e4r engagerade och intresserade av marina vetenskaper, f\u00f6rvaltning och milj\u00f6\u00f6vervakning till denna konferens om HAVET ! M\u00f6tet fokuserar p\u00e5 aktuella aspekter av forskning, f\u00f6rvaltning och milj\u00f6\u00f6vervakning i marina system. Ut\u00f6ver muntliga presentationer och posterpresentationer kommer det finnas utrymme f\u00f6r n\u00e4tverkande och kontaktskapande.<\/p>\n\n\n\n<p class=\"has-white-color has-text-color has-background has-link-color has-x-large-font-size wp-elements-4a086fcd96607653746c8d9f9f5bbc4f\" style=\"background-color:#476f77\"><strong><a href=\"http:\/\/shf.se\/public_html\/wp-content\/uploads\/Program_Marine_Research_Days_2025-20251111.pptx.pdf\">Program<\/a> och <a href=\"http:\/\/shf.se\/public_html\/wp-content\/uploads\/Abstractbook.pdf\">abstracts<\/a><\/strong><\/p>\n\n\n\n<p class=\"has-white-color has-text-color has-background\" style=\"background-color:#476f77\"><strong>G\u00e4sttalare<\/strong><\/p>\n\n\n\n<div class=\"wp-block-media-text is-stacked-on-mobile is-vertically-aligned-top\" style=\"grid-template-columns:20% auto\"><figure class=\"wp-block-media-text__media\"><img loading=\"lazy\" decoding=\"async\" width=\"204\" height=\"192\" src=\"http:\/\/shf.se\/public_html\/wp-content\/uploads\/oRegan.jpg\" alt=\"\" class=\"wp-image-1916 size-full\" srcset=\"https:\/\/shf.se\/public_html\/wp-content\/uploads\/oRegan.jpg 204w, https:\/\/shf.se\/public_html\/wp-content\/uploads\/oRegan-150x141.jpg 150w, https:\/\/shf.se\/public_html\/wp-content\/uploads\/oRegan-13x12.jpg 13w\" sizes=\"auto, (max-width: 204px) 100vw, 204px\" \/><\/figure><div class=\"wp-block-media-text__content\">\n<p><strong>Professor Matt o&#8217; Regan<\/strong><\/p>\n\n\n\n<p><strong>Institutionen f\u00f6r geologiska vetenskaper, Stockholms universitet<\/strong><\/p>\n\n\n\n<p><strong>When the Ice Last Melted: Paleo Perspectives on Arctic Sea Ice in a Warmer World<\/strong><\/p>\n\n\n\n<p>The geologic history of Arctic sea ice is a critical, but missing piece in the narrative on global climate change. Arctic marine sediments preserve a long-term archive of sea ice variability offering a rare window into cryosphere dynamics well beyond the limits of the instrumental record. These paleo-records enable us to explore the complex links between Arctic and global climate systems and to test the models we use for future sea ice projections. However, the development of the Arctic\u2019s perennial sea-ice cover, and its persistence across Quaternary (last 2.6 million years) interglacial periods, remains a subject of active debate. Early paradigms that suggested a persistent perennial sea ice cover since the middle Miocene (12 -14 million years ago) appear incompatible with terrestrial paleoclimate data and marine proxy evidence suggesting profoundly different oceanographic and sea ice conditions in the recent past. Continued methodological advances in paleo-sea ice reconstructions, using microfossils, biogeochemical proxies, and ancient DNA, are revolutionizing our ability to track sea ice variability. Recent (GEOEO 2024, AO25) and planned expeditions (AO26, AO27) on Sweden\u2019s Icebreaker <em>Oden<\/em> are providing access to regions of the Arctic where the thickest multi-year sea ice exists today, and is projected to persist longest in the future. This talk will outline current ideas on sea ice variability during the early Holocene and previous Quaternary interglacials and discuss how multi-proxy approaches from these new expeditions are poised to resolve long-standing questions about the resilience and variability of Arctic sea ice in a warmer world.<\/p>\n\n\n\n<p><br><\/p>\n<\/div><\/div>\n\n\n\n<div class=\"wp-block-media-text is-stacked-on-mobile is-vertically-aligned-top\" style=\"padding-top:0;padding-right:0;padding-bottom:0;padding-left:0;grid-template-columns:20% auto\"><figure class=\"wp-block-media-text__media\"><img loading=\"lazy\" decoding=\"async\" width=\"183\" height=\"275\" src=\"http:\/\/shf.se\/public_html\/wp-content\/uploads\/Eklov.jpg\" alt=\"\" class=\"wp-image-1918 size-large\" srcset=\"https:\/\/shf.se\/public_html\/wp-content\/uploads\/Eklov.jpg 183w, https:\/\/shf.se\/public_html\/wp-content\/uploads\/Eklov-100x150.jpg 100w, https:\/\/shf.se\/public_html\/wp-content\/uploads\/Eklov-8x12.jpg 8w\" sizes=\"auto, (max-width: 183px) 100vw, 183px\" \/><\/figure><div class=\"wp-block-media-text__content\">\n<p><strong>Professor Johan Ekl\u00f6f<\/strong><\/p>\n\n\n\n<p><strong>Institutionen f\u00f6r ekologi, milj\u00f6, och botanik, Stockholms universitet<\/strong><\/p>\n\n\n\n<p><strong>Ocean Recovery Through Collaboration: Lessons from the Stickleback Wave<\/strong><\/p>\n\n\n\n<p>Reversing ecosystem degradation requires bridging scientific insight and societal action. In the Baltic Sea, the decline of large predatory fish such as pike and perch and the rapid rise of the three-spined stickleback illustrate how ecological feedbacks and governance challenges interact across scales. Through the interdisciplinary FORCE project (<em>Facilitating Ocean Recovery in a Changing climatE<\/em>), we integrate ecology, law, and social science to identify social-ecological drivers of change and explore practical pathways for recovery. Our work emphasizes reconciling top-predator conservation with ecosystem-based management and making fuller use of legal and institutional frameworks to foster collaborative marine stewardship. I will also present preliminary results from a large-scale field study displaying how fishery closures influence the recovery of predatory fish and their cascading effects in coastal food webs. Together, these insights show how cross-disciplinary collaboration can transform understanding into effective action for ocean recovery.<\/p>\n\n\n\n<p><\/p>\n\n\n\n<p><\/p>\n\n\n\n<p><\/p>\n<\/div><\/div>\n\n\n\n<div class=\"wp-block-media-text is-stacked-on-mobile is-vertically-aligned-top\" style=\"grid-template-columns:20% auto\"><figure class=\"wp-block-media-text__media\"><img loading=\"lazy\" decoding=\"async\" width=\"393\" height=\"452\" src=\"http:\/\/shf.se\/public_html\/wp-content\/uploads\/Swaart.webp\" alt=\"\" class=\"wp-image-1919 size-full\" srcset=\"https:\/\/shf.se\/public_html\/wp-content\/uploads\/Swaart.webp 393w, https:\/\/shf.se\/public_html\/wp-content\/uploads\/Swaart-261x300.webp 261w, https:\/\/shf.se\/public_html\/wp-content\/uploads\/Swaart-130x150.webp 130w, https:\/\/shf.se\/public_html\/wp-content\/uploads\/Swaart-10x12.webp 10w\" sizes=\"auto, (max-width: 393px) 100vw, 393px\" \/><\/figure><div class=\"wp-block-media-text__content\">\n<p><strong>Professor Sebastiaan Svart<\/strong><\/p>\n\n\n\n<p><strong>Institutionen f\u00f6r marina vetenskaper, G\u00f6teborgs universitet<\/strong><\/p>\n\n\n\n<p><strong>From climate-scale to fine-scale: The Southern Ocean\u2019s role in heat and carbon uptake as revealed by marine robots<\/strong><\/p>\n\n\n\n<p><strong><br><\/strong>The Southern Ocean plays a pivotal role in the global climate system, serving as a major conduit for the exchange of heat and carbon between the ocean and atmosphere. Its environment is among the most extreme on Earth, characterized by fierce winds, towering waves, and pervasive sea ice\u2014making it both a formidable challenge and a unique privilege to study. In recent years, there have been significant advances in our ability to observe this remote region, particularly the upper ocean and the air-sea interface. These developments have been driven in large part by autonomous observing platforms like underwater gliders, which have opened unprecedented windows into the Southern Ocean&#8217;s dynamic processes. This talk highlights how these observational advances are revealing a highly dynamic ocean shaped by fine-scale features such as eddies and fronts, which interact with vast storms to regulate the exchange of heat and carbon between the atmosphere, ocean surface, and its deep interior.<\/p>\n\n\n\n<p>Looking ahead, the talk will also introduce upcoming large-scale field campaigns, including the ERC Synergy &#8221;WHIRLS&#8221; cruises in 2026 and the&nbsp;<em>Pulse of the Weddell Sea<\/em>&nbsp;(POW) expedition, scheduled for 2027\u20132028. These initiatives promise to further enhance our understanding of the Southern Ocean and its role in the climate system.<\/p>\n\n\n\n<p><\/p>\n\n\n\n<p><\/p>\n\n\n\n<p><strong><br><\/strong><style>@font-face&amp;amp;amp;amp;amp;lt;br>\t{font-family:\"Cambria Math\";&amp;amp;amp;amp;amp;lt;br>\tpanose-1:2 4 5 3 5 4 6 3 2 4;&amp;amp;amp;amp;amp;lt;br>\tmso-font-charset:0;&amp;amp;amp;amp;amp;lt;br>\tmso-generic-font-family:roman;&amp;amp;amp;amp;amp;lt;br>\tmso-font-pitch:variable;&amp;amp;amp;amp;amp;lt;br>\tmso-font-signature:-536870145 1107305727 0 0 415 0;}@font-face&amp;amp;amp;amp;amp;lt;br>\t{font-family:Calibri;&amp;amp;amp;amp;amp;lt;br>\tpanose-1:2 15 5 2 2 2 4 3 2 4;&amp;amp;amp;amp;amp;lt;br>\tmso-font-charset:0;&amp;amp;amp;amp;amp;lt;br>\tmso-generic-font-family:swiss;&amp;amp;amp;amp;amp;lt;br>\tmso-font-pitch:variable;&amp;amp;amp;amp;amp;lt;br>\tmso-font-signature:-536859905 -1073732485 9 0 511 0;}p.MsoNormal, li.MsoNormal, div.MsoNormal&amp;amp;amp;amp;amp;lt;br>\t{mso-style-unhide:no;&amp;amp;amp;amp;amp;lt;br>\tmso-style-qformat:yes;&amp;amp;amp;amp;amp;lt;br>\tmso-style-parent:\"\";&amp;amp;amp;amp;amp;lt;br>\tmargin:0cm;&amp;amp;amp;amp;amp;lt;br>\tmso-pagination:widow-orphan;&amp;amp;amp;amp;amp;lt;br>\tfont-size:12.0pt;&amp;amp;amp;amp;amp;lt;br>\tfont-family:\"Calibri\",sans-serif;&amp;amp;amp;amp;amp;lt;br>\tmso-ascii-font-family:Calibri;&amp;amp;amp;amp;amp;lt;br>\tmso-ascii-theme-font:minor-latin;&amp;amp;amp;amp;amp;lt;br>\tmso-fareast-font-family:Calibri;&amp;amp;amp;amp;amp;lt;br>\tmso-fareast-theme-font:minor-latin;&amp;amp;amp;amp;amp;lt;br>\tmso-hansi-font-family:Calibri;&amp;amp;amp;amp;amp;lt;br>\tmso-hansi-theme-font:minor-latin;&amp;amp;amp;amp;amp;lt;br>\tmso-bidi-font-family:\"Times New Roman\";&amp;amp;amp;amp;amp;lt;br>\tmso-bidi-theme-font:minor-bidi;&amp;amp;amp;amp;amp;lt;br>\tmso-font-kerning:1.0pt;&amp;amp;amp;amp;amp;lt;br>\tmso-ligatures:standardcontextual;&amp;amp;amp;amp;amp;lt;br>\tmso-fareast-language:EN-US;}.MsoChpDefault&amp;amp;amp;amp;amp;lt;br>\t{mso-style-type:export-only;&amp;amp;amp;amp;amp;lt;br>\tmso-default-props:yes;&amp;amp;amp;amp;amp;lt;br>\tmso-ascii-font-family:Calibri;&amp;amp;amp;amp;amp;lt;br>\tmso-ascii-theme-font:minor-latin;&amp;amp;amp;amp;amp;lt;br>\tmso-fareast-font-family:Calibri;&amp;amp;amp;amp;amp;lt;br>\tmso-fareast-theme-font:minor-latin;&amp;amp;amp;amp;amp;lt;br>\tmso-hansi-font-family:Calibri;&amp;amp;amp;amp;amp;lt;br>\tmso-hansi-theme-font:minor-latin;&amp;amp;amp;amp;amp;lt;br>\tmso-bidi-font-family:\"Times New Roman\";&amp;amp;amp;amp;amp;lt;br>\tmso-bidi-theme-font:minor-bidi;&amp;amp;amp;amp;amp;lt;br>\tmso-fareast-language:EN-US;}div.WordSection1&amp;amp;amp;amp;amp;lt;br>\t{page:WordSection1;}<\/style><\/p>\n<\/div><\/div>\n\n\n\n<p class=\"has-white-color has-text-color has-background\" style=\"background-color:#476f77\"><strong>Paneldiskussion: Hur <strong>kan vi fr\u00e4mja samverkan mellan marin forskning och samh\u00e4llsakt\u00f6rer?<\/strong><\/strong><\/p>\n\n\n\n<p>Kaisa T\u00f6nnesson: Havsmilj\u00f6institutet<\/p>\n\n\n\n<p>Mats Svensson: Havs- och Vattenmyndigheten<\/p>\n\n\n\n<p>Louise Biddle: Voice of the Ocean<\/p>\n\n\n\n<p>Ulrika Siira: Havs- och Vattenmyndigheten<\/p>\n\n\n\n<p>Bengt Karlsson: SMHI<\/p>\n\n\n\n<p>Mattias Obst: Institutionen f\u00f6r marina vetenskaper, G\u00f6teborgs Universitet, EMBRC Sweden<\/p>\n\n\n\n<p class=\"has-luminous-vivid-amber-color has-text-color has-background has-link-color wp-elements-b0ca8cc4189b952b9252208288cea86c\" style=\"background-color:#476f77\"><strong>Abstract submission<\/strong> st\u00e4ngdes October 31<\/p>\n\n\n\n<p><strong>Vi vill uppmuntra inl\u00e4mning av abstrakt f\u00f6r muntliga presentationer eller posterbidrag .<\/strong> Inl\u00e4mningsprocessen hanteras via registreringsportalen nedan. Inkomna bidrag kommer att tematiskt organiseras inom ramen f\u00f6r konferensens sessionsprogram eller, om inneh\u00e5llet bed\u00f6ms ligga utanf\u00f6r sessionernas \u00e4mnesomr\u00e5de, presenteras som frist\u00e5ende inslag (se program nedan). Beroende p\u00e5 antalet inkomna abstrakt (muntliga respektive posterbidrag) kan styrelsen beh\u00f6va g\u00f6ra en prioritering. Abstrakt fr\u00e5n studenter p\u00e5 avancerad niv\u00e5 (master) och forskarniv\u00e5 (doktorand), liksom fr\u00e5n forskare i b\u00f6rjan av sin akademiska karri\u00e4r (postdoktorer), kommer att ges s\u00e4rskild prioritet. Besked om antagning l\u00e4mnas senast den 31 oktober.<\/p>\n\n\n\n<p><br><strong>Generella riktlinjer<\/strong><br>Abstract: 2000 tecken inklusive mellanslag<br>Presentation: 12 min + 3 min f\u00f6r fr\u00e5gor och diskussion, f\u00f6r g\u00e4sttalare 25 min + 5 min<br>Poster: Storlek A0 (841 x 1189 mm)<\/p>\n\n\n\n<p class=\"has-white-color has-text-color has-background\" style=\"background-color:#476f77\">Plats<\/p>\n\n\n\n<p>Konferenslokalen \u00e4r i Wallenberg Conference Center (<a href=\"https:\/\/maps.app.goo.gl\/qu5N2RYdUUfsPCbf6\" data-type=\"link\" data-id=\"https:\/\/maps.app.goo.gl\/qu5N2RYdUUfsPCbf6\">l\u00e4nk till campuskarta<\/a>) p\u00e5 Medicinareberget i G\u00f6teborg. Ut\u00f6ver keynote-f\u00f6rel\u00e4sningar, muntliga presentationer och posterbidrag kommer det att finnas utrymme f\u00f6r n\u00e4tverkande under pauserna.<\/p>\n\n\n\n<p class=\"has-white-color has-text-color has-background\" style=\"background-color:#476f77\"><strong>Konferensmiddag<\/strong><\/p>\n\n\n\n<p>Konferensmiddagen h\u00e5lls den 19 november p\u00e5 <a href=\"https:\/\/maps.app.goo.gl\/ihZ4pyqdnN6GWbGT7\" data-type=\"link\" data-id=\"https:\/\/maps.app.goo.gl\/ihZ4pyqdnN6GWbGT7\">Stigbergets Shangri La<\/a>. Kostnaden f\u00f6r middagen \u00e4r 475 SEK. V\u00e4nligen anm\u00e4l dig till konferensmiddagen i samband med din konferensregistrering.<\/p>\n\n\n\n<p class=\"has-white-color has-text-color has-background\" style=\"background-color:#476f77\"><strong>Dyrssenpriset<\/strong><\/p>\n\n\n\n<p>Svenska Havsforskningsf\u00f6reningen delar \u00e5rligen ut Dyrssenpriset f\u00f6r de tv\u00e5 b\u00e4sta nominerade examensarbetena i marinvetenskap p\u00e5 master\u00adniv\u00e5. F\u00f6rstapriset \u00e4r 10 000 SEK och andrapriset 5 000 SEK. Priset har instiftats av SHF till minne av David Dyrssen (1922\u20132011), emeritusprofessor i analytisk kemi vid G\u00f6teborgs universitet. Som en av f\u00f6reningens grundare \u00e4gnade han sin karri\u00e4r \u00e5t att aktivt fr\u00e4mja tv\u00e4rvetenskaplig forskning inom marinvetenskap. \u00c5rets pristagare \u00e4r Sarah Verhoeven, G\u00f6teborgs Universitet, och Johannes Till, Lunds Universitet. Prisutdelningen och presentationer av pristagaren \u00e4ger rum den 19 november.<\/p>\n\n\n\n<p class=\"has-white-color has-text-color has-background\" style=\"background-color:#476f77\"><strong>\u00c5rsm\u00f6te<\/strong><\/p>\n\n\n\n<p>Svenska Havsforskningsf\u00f6reningen \u00e4r en politiskt obunden och ideell organisation. F\u00f6reningens \u00e5rsm\u00f6te h\u00e5lls den 19 november kl. 15:00 som en del av konferensen. Observera att \u00e5rsm\u00f6tet kommer att h\u00e5llas p\u00e5 svenska. F\u00f6r mer information och dokument, se <em><a href=\"https:\/\/shf.se\/om-oss\/\" data-type=\"link\" data-id=\"https:\/\/shf.se\/om-oss\/\">Om oss<\/a><\/em> i huvudmenyn.<\/p>\n\n\n\n<p class=\"has-white-color has-text-color has-background\" style=\"background-color:#476f77\">Konferensbidrag<\/p>\n\n\n\n<p>Registrering till konferensen omfattar tillg\u00e5ng till presentationer och postersessionen. Registrering kr\u00e4ver medlemskap i Svenska Havsforskningsf\u00f6reningen. Konferensavgiften inkluderar mingel (tisdag), fika och luncher (onsdag och torsdag). S\u00e4rskild anm\u00e4lan kr\u00e4vs f\u00f6r konferensmiddagen (onsdag). Konferensavgiften t\u00e4cker inte resekostnader eller kostnader f\u00f6r boende. Ett begr\u00e4nsat antal resebidrag (upp till 5 000 SEK f\u00f6r resa, boende och konferensavgift) finns tillg\u00e4ngliga f\u00f6r studenter och forskare i b\u00f6rjan av karri\u00e4ren.<\/p>\n\n\n\n<p>Konferensbidrag f\u00f6r deltagare fr\u00e5n offentliga svenska institutioner: 1200 SEK<\/p>\n\n\n\n<p>Konferensbidrag f\u00f6r utl\u00e4ndska deltagare och deltagare fr\u00e5n icke-offentliga institutioner och f\u00f6retag 1500 SEK <br>Konferensmiddag: 475 SEK [optional]<br><\/p>\n\n\n\n<p class=\"has-white-color has-text-color has-background\" style=\"background-color:#aba9a9\"><strong>H\u00e4r \u00e4r l\u00e4nkarna till v\u00e5ra olika registreringskategorier. V\u00e4lja den som passar din institution och ursprungsland<\/strong>. Deadline f\u00f6r registrering \u00e4r den 7e november 2025.<\/p>\n\n\n\n<ul class=\"wp-block-list\">\n<li>Om du registrerar dig fr\u00e5n ett svensk l\u00e4ros\u00e4te eller en svensk myndighet <a href=\"https:\/\/www.trippus.se\/web\/registration\/Registration.aspx?view=registration&amp;idcategory=AB0ILBDIbjdIDkRLRTqZOvp84QeLUFZlBQGScymnHtGR9Yzhh6YqWscCTROHYxgXy-4YzxnvoFha&amp;ln=eng\" data-type=\"link\" data-id=\"https:\/\/www.trippus.se\/web\/registration\/Registration.aspx?view=registration&amp;idcategory=AB0ILBDIbjdIDkRLRTqZOvp84QeLUFZlBQGScymnHtGR9Yzhh6YqWscCTROHYxgXy-4YzxnvoFha&amp;ln=eng\">klicka h\u00e4r<\/a><\/li>\n\n\n\n<li>Om du registrerar dig fr\u00e5n ett privat svensk f\u00f6retag eller en icke-offentlig svensk institution <a href=\"https:\/\/www.trippus.se\/web\/registration\/Registration.aspx?view=registration&amp;idcategory=AB0ILBCyrZjg-TbvTOLqPToXoQs03esrvzbD4bGPTOo5b9fM9PzNwGNyW6uubJwgkJhviD2WWG-0&amp;ln=eng\" data-type=\"link\" data-id=\"https:\/\/www.trippus.se\/web\/registration\/Registration.aspx?view=registration&amp;idcategory=AB0ILBCyrZjg-TbvTOLqPToXoQs03esrvzbD4bGPTOo5b9fM9PzNwGNyW6uubJwgkJhviD2WWG-0&amp;ln=eng\">klicka h\u00e4r<\/a><\/li>\n\n\n\n<li>Om du registrerar dig fr\u00e5n en institution utomlands <a href=\"https:\/\/www.trippus.se\/web\/registration\/Registration.aspx?view=registration&amp;idcategory=AB0ILBACXvzhXZ987PTbzYgTALSjEmSq0_ZO2rKGht3z2hb_D775-CbZ-PZcQuPXe_ZPeCVRfxNm&amp;ln=eng\" data-type=\"link\" data-id=\"https:\/\/www.trippus.se\/web\/registration\/Registration.aspx?view=registration&amp;idcategory=AB0ILBACXvzhXZ987PTbzYgTALSjEmSq0_ZO2rKGht3z2hb_D775-CbZ-PZcQuPXe_ZPeCVRfxNm&amp;ln=eng\">klicka h\u00e4r<\/a><\/li>\n<\/ul>\n\n\n\n<p> <strong>Varmt v\u00e4lkommen!<\/strong><\/p>\n\n\n\n<p>Styrelsen Svenska Havsforskningf\u00f6rening<br>(styrelsen@shf.se)<\/p>\n\n\n\n<p class=\"has-text-align-center has-large-font-size\"><\/p>\n\n\n\n<figure class=\"wp-block-image size-full is-resized\"><img loading=\"lazy\" decoding=\"async\" width=\"1000\" height=\"200\" src=\"https:\/\/shf.se\/public_html\/wp-content\/uploads\/shf_logo.jpg\" alt=\"\" class=\"wp-image-666\" style=\"aspect-ratio:5;width:1139px;height:auto\" srcset=\"https:\/\/shf.se\/public_html\/wp-content\/uploads\/shf_logo.jpg 1000w, https:\/\/shf.se\/public_html\/wp-content\/uploads\/shf_logo-300x60.jpg 300w, https:\/\/shf.se\/public_html\/wp-content\/uploads\/shf_logo-150x30.jpg 150w, https:\/\/shf.se\/public_html\/wp-content\/uploads\/shf_logo-768x154.jpg 768w, https:\/\/shf.se\/public_html\/wp-content\/uploads\/shf_logo-16x3.jpg 16w\" sizes=\"auto, (max-width: 1000px) 100vw, 1000px\" \/><\/figure>\n\n\n\n<p class=\"has-text-align-center has-large-font-size\"><\/p>\n","protected":false},"excerpt":{"rendered":"<p>Fr\u00e4mja samverkan mellan marin forskning och samh\u00e4llsakt\u00f6rer Tid: 18 &#8211; 20 November 2025 Plats: Wallenbergcentrum, G\u00f6teborg Svenska Havsforskningsf\u00f6reningen v\u00e4lkomnar alla<\/p>","protected":false},"author":1,"featured_media":0,"parent":18,"menu_order":0,"comment_status":"closed","ping_status":"closed","template":"","meta":{"colormag_page_container_layout":"default_layout","colormag_page_sidebar_layout":"default_layout","footnotes":""},"folder":[],"class_list":["post-1443","page","type-page","status-publish","hentry"],"featured_image_src":null,"_links":{"self":[{"href":"https:\/\/shf.se\/en\/wp-json\/wp\/v2\/pages\/1443","targetHints":{"allow":["GET"]}}],"collection":[{"href":"https:\/\/shf.se\/en\/wp-json\/wp\/v2\/pages"}],"about":[{"href":"https:\/\/shf.se\/en\/wp-json\/wp\/v2\/types\/page"}],"author":[{"embeddable":true,"href":"https:\/\/shf.se\/en\/wp-json\/wp\/v2\/users\/1"}],"replies":[{"embeddable":true,"href":"https:\/\/shf.se\/en\/wp-json\/wp\/v2\/comments?post=1443"}],"version-history":[{"count":113,"href":"https:\/\/shf.se\/en\/wp-json\/wp\/v2\/pages\/1443\/revisions"}],"predecessor-version":[{"id":2202,"href":"https:\/\/shf.se\/en\/wp-json\/wp\/v2\/pages\/1443\/revisions\/2202"}],"up":[{"embeddable":true,"href":"https:\/\/shf.se\/en\/wp-json\/wp\/v2\/pages\/18"}],"wp:attachment":[{"href":"https:\/\/shf.se\/en\/wp-json\/wp\/v2\/media?parent=1443"}],"wp:term":[{"taxonomy":"folder","embeddable":true,"href":"https:\/\/shf.se\/en\/wp-json\/wp\/v2\/folder?post=1443"}],"curies":[{"name":"wp","href":"https:\/\/api.w.org\/{rel}","templated":true}]}}